{"id":163,"date":"2018-04-25T09:16:16","date_gmt":"2018-04-25T09:16:16","guid":{"rendered":"http:\/\/demo.themefreesia.com\/photograph\/?page_id=8"},"modified":"2020-09-03T18:04:10","modified_gmt":"2020-09-03T16:04:10","slug":"el-autor","status":"publish","type":"page","link":"https:\/\/www.victorarandagarcia.es\/index.php\/el-autor\/","title":{"rendered":"El autor"},"content":{"rendered":"<p style=\"text-align: left;\"><img data-attachment-id=\"200\" data-permalink=\"https:\/\/www.victorarandagarcia.es\/index.php\/el-autor\/attachment\/002-tengo-un-alma-y-esta-cargada-valencia-2013\/\" data-orig-file=\"https:\/\/www.victorarandagarcia.es\/wp-content\/uploads\/2019\/03\/002-Tengo-un-alma-y-esta-cargada-Valencia-2013.jpg\" data-orig-size=\"481,720\" data-comments-opened=\"1\" data-image-meta=\"{&quot;aperture&quot;:&quot;5.6&quot;,&quot;credit&quot;:&quot;Victor Aranda Garcia&quot;,&quot;camera&quot;:&quot;Canon EOS 50D&quot;,&quot;caption&quot;:&quot;&quot;,&quot;created_timestamp&quot;:&quot;1366387181&quot;,&quot;copyright&quot;:&quot;&quot;,&quot;focal_length&quot;:&quot;40&quot;,&quot;iso&quot;:&quot;400&quot;,&quot;shutter_speed&quot;:&quot;0.2&quot;,&quot;title&quot;:&quot;&quot;,&quot;orientation&quot;:&quot;1&quot;}\" data-image-title=\"autorretrato-fotografo\" data-image-description=\"\" data-image-caption=\"\" data-medium-file=\"https:\/\/www.victorarandagarcia.es\/wp-content\/uploads\/2019\/03\/002-Tengo-un-alma-y-esta-cargada-Valencia-2013-200x300.jpg\" data-large-file=\"https:\/\/www.victorarandagarcia.es\/wp-content\/uploads\/2019\/03\/002-Tengo-un-alma-y-esta-cargada-Valencia-2013.jpg\" decoding=\"async\" loading=\"lazy\" class=\"alignleft size-medium wp-image-200\" src=\"http:\/\/www.victorarandagarcia.es\/wp-content\/uploads\/2019\/03\/002-Tengo-un-alma-y-esta-cargada-Valencia-2013-200x300.jpg\" alt=\"\" width=\"200\" height=\"300\" srcset=\"https:\/\/www.victorarandagarcia.es\/wp-content\/uploads\/2019\/03\/002-Tengo-un-alma-y-esta-cargada-Valencia-2013-200x300.jpg 200w, https:\/\/www.victorarandagarcia.es\/wp-content\/uploads\/2019\/03\/002-Tengo-un-alma-y-esta-cargada-Valencia-2013.jpg 481w\" sizes=\"(max-width: 200px) 100vw, 200px\" \/>Nacido en La Uni\u00f3n (Murcia) el 15 de abril de 1975, V\u00ed\u00adctor es fot\u00f3grafo freelance desde 2001, incluyendo trabajo de estudio, fotograf\u00ed\u00ada de producto, creativa, retrato, reportaje social, arquitectura, edici\u00f3n digital y laboratorio blanco y negro (revelado de negativos y copias)<\/p>\n<p>Adem\u00e1s ha realizado reportajes fotogr\u00e1ficos en el \u00e1mbito de la gastronom\u00ed\u00ada y el ocio para la revista LaNetro de 2002 a 2009<br \/>Dise\u00f1o web como freelance (desde 2006)<br \/>Colaboraciones con los estudios Reportaje Digital \u00a0(2007 ), La Vaca Opaca (2009-2011), la empresa Eo-Ipso (2007-2009) y AUA Producciones (2012-2015)<br \/>Dise\u00f1o y montaje de exposiciones tanto propias como para otros artistas (m\u00e1s de 50 desde 2001)<br \/>Seleccionado en el programa para la Difusi\u00f3n de las Artes Pl\u00e1sticas del SARC (Valencia) entre 2005 y 2011<br \/>Form\u00f3 parte del equipo de audiovisuales del Oceanogr\u00e1fico de Valencia en el verano de 2007<br \/>Cobertura de eventos y retratos para Amnist\u00ed\u00ada Internacional (2014-2015)<br \/>Grabaci\u00f3n de video y fotograf\u00ed\u00ada para la productora Todos TV en 2014<br \/>Clases particulares de fotograf\u00ed\u00ada (desde 2005)<br \/>Publicaciones peri\u00f3dicas en las revistas Mone Monkey (2013-2015) y 24\/7 Valencia (desde 2011)<br \/>Edici\u00f3n y retoque digital de fotograf\u00ed\u00adas de producto y modelo para SPRINTER (verano 2016)<\/p>\n<h3 style=\"color: #ff0000;\"><span style=\"color: #000000;\">PREMIOS<\/span><\/h3>\n<p>Finalista en el Certamen Internacional de Fotograf\u00ed\u00ada Festimage en 2010<br \/>1er. Premio Bienal de Arte de Chapingo (M\u00e9xico) Arte con Raiz en la Tierra en 2008<br \/>1er. Premio en el concurso L\u0412\u0491Instant Decisiu (Valencia) en 2004 y 2006<br \/>1er. Premio Premio en el Certamen Fotoigualtat de Villarreal en 2006<br \/>Certamen Art\u00ed\u00adstico Creajoven (Murcia): 1er. Premio en 2002 y Accesit en 2004 y 2005<br \/>1er. Premio Aula de Artes Pl\u00e1sticas de la Universidad de Murcia en 2003 y 2005<br \/>Primer Premio en el Concurso de Fotograf\u00ed\u00ada Trofeu C\u00e9sar August \u00a0de Tarragona 2005<br \/>1er. Premio en el Concurso Fotogr\u00e1fico Objetivo Murcia en 2003<br \/>Menci\u00f3n Especial en el Certamen Art\u00ed\u00adstico Valenciacrea en 2002<\/p>\n<h3 style=\"color: #ff0000;\"><span style=\"color: #000000;\">PUBLICACIONES<\/span><\/h3>\n<p>Portada del libro de poes\u00ed\u00ada de la escritora Sandra Nesovic (2004)<br \/>Calendario de retratos para la Asociaci\u00f3n ASPAYM (2006)<br \/>Portada e ilustraciones del libro del escritor Miguel Torija \u00abCuando la Vida se pone Perra\u00bb (Unaria 2013)<br \/>Retrato de la escritora Rosario Raro para su libro \u00abHistoria de una carta\u00bb (Planeta 2017)<br \/>Portada de la novela \u00abEl enmarcador\u00bb de la escritora Petra Dindinger y retrato de la autora (Acen 2017)<br \/>Creador y editor del blog <a href=\"https:\/\/ecologismo.blogspot.com\">Ecologismo<\/a> desde 2007<br \/>Colaborador de la revista La Comuna en 2018-2019<\/p>\n<h3 style=\"color: #ff0000;\"><span style=\"color: #000000;\">OBRA ADQUIRIDA Y EN COLECCIONES<\/span><\/h3>\n<p>Ayuntamiento de Murcia, Galer\u00ed\u00ada Art Nueve, Universidad de Chapingo, Universidad de Murcia, Studio Vintage (Valencia) y diversas colecciones privadas<\/p>\n<h3 style=\"color: #ff0000;\"><span style=\"color: #000000;\">EXPOSICIONES COLECTIVAS<\/span><\/h3>\n<p>Galer\u00ed\u00ada Rosales R-46 en Molina de Segura (Murcia) en 2012<br \/>Festimage 2010 en Chaves (Portugal)<br \/>Arte con Raiz en la Tierra &#8211; I Bienal de Arte de Chapingo (M\u00e9xico) en 2008<br \/>Barcelona Art Encontre &#8211; CCCB (Barcelona) en 2003<br \/>Cosmos \/ Bienal de J\u00f3venes Creadores de Europa y el Mediterr\u00e1neo (Atenas) en 2003Creajoven &#8211; Sala Molinos del Rio (Murcia) en 2002<\/p>\n<h3 style=\"color: #ff0000;\"><span style=\"color: #000000;\">EXPOSICIONES INDIVIDUALES<\/span><\/h3>\n<p>Entre otros lugares he expuesto fotograf\u00ed\u00adas de la serie <em><i>L\u00ed\u00admites<\/i><\/em>\u00a0en el Espai Jove (Vinalesa) en 2011, en Studio Vintage (Valencia) en 2010, en la Casa de la Se\u00f1or\u00ed\u00ada de Olocau (Valencia) en 2008, en Picasso Caf\u00e9 Tabac (Valencia) en 2007, en el Centro Cultural de Almussafes (Valencia) en 2006, en la sala de exposiciones de Agfoval (Valencia) en 2004, en la sala Yesqueros de Murcia en 2003 y en el Caf\u00e9 Bar El Sur (Murcia) en 2001. He expuesto fotograf\u00ed\u00adas de naturaleza en la Casa de Cultura de Llocnou de Sant Jeroni (Valencia) en 2009, en Ecorganic (Valencia) en 2007 y en L\u0412\u0491Ecoespai (Valencia) en 2004. La serie de fotos <em><i>Crem\u00e1<\/i><\/em>\u00a0ha sido expuesta en la Torre de Benavides (Valencia) en 2008, en la Universidad de Debrecen (Hungr\u00ed\u00ada) en 2006, en el Ayuntamiento de Bonrep\u00f3s i Mirambell y el Centro Cultural de Almassera (Valencia) en 2005, y en 2003 en el Ayuntamiento de Gavarda (Valencia). La serie de retratos <em><i>Fuera de Onda<\/i><\/em>\u00a0la he expuesto en el Centro Cultural de La Alquer\u00ed\u00ada de la Condesa (Valencia) en 2007 y en el Caf\u00e9 Bar Itaca (Murcia) en 2005. Las fotograf\u00ed\u00adas del calendario que realic\u00e9 para la Asociaci\u00f3n ASPAYM han sido expuestas en Catedral Gallery (Murcia) en 2007 y en la Sede de la ONCE en Murcia en 2006. Tambi\u00e9n realic\u00e9 una exposici\u00f3n en el restaurante Arribar (Valencia) bajo el t\u00ed\u00adtulo <em><i>In&amp;Out<\/i><\/em>\u00a0(las fotograf\u00ed\u00adas pod\u00ed\u00adan verse desde dentro y fuera del local) en 2007. Otros lugares donde he expuesto son el pub Vasundhara (Murcia) con <em><i>Retratos<\/i><\/em>\u00a0en 2006, y en 2005 en el centro social La Nave (Murcia) con <em><i>Visiones \/ Atenas 2003<\/i><\/em>.<\/p>\n\n\n<figure class=\"wp-block-image is-resized\"><img data-attachment-id=\"329\" data-permalink=\"https:\/\/www.victorarandagarcia.es\/estudio-fotografo\/\" data-orig-file=\"https:\/\/www.victorarandagarcia.es\/wp-content\/uploads\/2019\/03\/estudio-fotografo.jpg\" data-orig-size=\"1200,800\" data-comments-opened=\"1\" data-image-meta=\"{&quot;aperture&quot;:&quot;0&quot;,&quot;credit&quot;:&quot;&quot;,&quot;camera&quot;:&quot;&quot;,&quot;caption&quot;:&quot;&quot;,&quot;created_timestamp&quot;:&quot;0&quot;,&quot;copyright&quot;:&quot;&quot;,&quot;focal_length&quot;:&quot;0&quot;,&quot;iso&quot;:&quot;0&quot;,&quot;shutter_speed&quot;:&quot;0&quot;,&quot;title&quot;:&quot;&quot;,&quot;orientation&quot;:&quot;0&quot;}\" data-image-title=\"estudio-fotografo\" data-image-description=\"\" data-image-caption=\"\" data-medium-file=\"https:\/\/www.victorarandagarcia.es\/wp-content\/uploads\/2019\/03\/estudio-fotografo-300x200.jpg\" data-large-file=\"https:\/\/www.victorarandagarcia.es\/wp-content\/uploads\/2019\/03\/estudio-fotografo-1024x683.jpg\" decoding=\"async\" loading=\"lazy\" src=\"http:\/\/www.victorarandagarcia.es\/wp-content\/uploads\/2019\/03\/estudio-fotografo-1024x683.jpg\" alt=\"\" class=\"wp-image-329\" width=\"1024\" height=\"683\" srcset=\"https:\/\/www.victorarandagarcia.es\/wp-content\/uploads\/2019\/03\/estudio-fotografo-1024x683.jpg 1024w, https:\/\/www.victorarandagarcia.es\/wp-content\/uploads\/2019\/03\/estudio-fotografo-300x200.jpg 300w, https:\/\/www.victorarandagarcia.es\/wp-content\/uploads\/2019\/03\/estudio-fotografo-768x512.jpg 768w, https:\/\/www.victorarandagarcia.es\/wp-content\/uploads\/2019\/03\/estudio-fotografo.jpg 1200w\" sizes=\"(max-width: 1024px) 100vw, 1024px\" \/><\/figure>\n","protected":false},"excerpt":{"rendered":"<p>Nacido en La Uni\u00f3n (Murcia) el 15 de abril de 1975, V\u00ed\u00adctor es fot\u00f3grafo freelance desde 2001, incluyendo trabajo de estudio, fotograf\u00ed\u00ada de producto, creativa, retrato, reportaje social, arquitectura, edici\u00f3n digital y laboratorio blanco y negro (revelado de negativos y copias) Adem\u00e1s ha realizado reportajes &hellip; <a href=\"https:\/\/www.victorarandagarcia.es\/index.php\/el-autor\/\" class=\"more-link\"><span>Continuar<span class=\"screen-reader-text\">El autor<\/span><\/span><\/a><\/p>\n","protected":false},"author":1,"featured_media":0,"parent":0,"menu_order":0,"comment_status":"closed","ping_status":"closed","template":"","meta":{"jetpack_post_was_ever_published":false,"footnotes":""},"yoast_head":"<!-- This site is optimized with the Yoast SEO plugin v22.6 - https:\/\/yoast.com\/wordpress\/plugins\/seo\/ -->\n<title>El autor - arte y estudio<\/title>\n<meta name=\"description\" content=\"Informaci\u00f3n, curriculum y datos biogr\u00e1ficos del fot\u00f3grafo V\u00edctor Aranda Garc\u00eda tanto de su faceta art\u00edstica como profesional\" \/>\n<meta name=\"robots\" content=\"index, follow, max-snippet:-1, max-image-preview:large, max-video-preview:-1\" \/>\n<link rel=\"canonical\" href=\"https:\/\/www.victorarandagarcia.es\/index.php\/el-autor\/\" \/>\n<meta property=\"og:locale\" content=\"es_ES\" \/>\n<meta property=\"og:type\" content=\"article\" \/>\n<meta property=\"og:title\" content=\"El autor - arte y estudio\" \/>\n<meta property=\"og:description\" content=\"Informaci\u00f3n, curriculum y datos biogr\u00e1ficos del fot\u00f3grafo V\u00edctor Aranda Garc\u00eda tanto de su faceta art\u00edstica como profesional\" \/>\n<meta property=\"og:url\" content=\"https:\/\/www.victorarandagarcia.es\/index.php\/el-autor\/\" \/>\n<meta property=\"og:site_name\" content=\"arte y estudio\" \/>\n<meta property=\"article:modified_time\" content=\"2020-09-03T16:04:10+00:00\" \/>\n<meta property=\"og:image\" content=\"http:\/\/www.victorarandagarcia.es\/wp-content\/uploads\/2019\/03\/002-Tengo-un-alma-y-esta-cargada-Valencia-2013-200x300.jpg\" \/>\n<meta name=\"twitter:card\" content=\"summary_large_image\" \/>\n<meta name=\"twitter:label1\" content=\"Tiempo de lectura\" \/>\n\t<meta name=\"twitter:data1\" content=\"4 minutos\" \/>\n<script type=\"application\/ld+json\" class=\"yoast-schema-graph\">{\"@context\":\"https:\/\/schema.org\",\"@graph\":[{\"@type\":\"WebPage\",\"@id\":\"https:\/\/www.victorarandagarcia.es\/index.php\/el-autor\/\",\"url\":\"https:\/\/www.victorarandagarcia.es\/index.php\/el-autor\/\",\"name\":\"El autor - arte y estudio\",\"isPartOf\":{\"@id\":\"https:\/\/www.victorarandagarcia.es\/#website\"},\"primaryImageOfPage\":{\"@id\":\"https:\/\/www.victorarandagarcia.es\/index.php\/el-autor\/#primaryimage\"},\"image\":{\"@id\":\"https:\/\/www.victorarandagarcia.es\/index.php\/el-autor\/#primaryimage\"},\"thumbnailUrl\":\"http:\/\/www.victorarandagarcia.es\/wp-content\/uploads\/2019\/03\/002-Tengo-un-alma-y-esta-cargada-Valencia-2013-200x300.jpg\",\"datePublished\":\"2018-04-25T09:16:16+00:00\",\"dateModified\":\"2020-09-03T16:04:10+00:00\",\"description\":\"Informaci\u00f3n, curriculum y datos biogr\u00e1ficos del fot\u00f3grafo V\u00edctor Aranda Garc\u00eda tanto de su faceta art\u00edstica como profesional\",\"breadcrumb\":{\"@id\":\"https:\/\/www.victorarandagarcia.es\/index.php\/el-autor\/#breadcrumb\"},\"inLanguage\":\"es\",\"potentialAction\":[{\"@type\":\"ReadAction\",\"target\":[\"https:\/\/www.victorarandagarcia.es\/index.php\/el-autor\/\"]}]},{\"@type\":\"ImageObject\",\"inLanguage\":\"es\",\"@id\":\"https:\/\/www.victorarandagarcia.es\/index.php\/el-autor\/#primaryimage\",\"url\":\"https:\/\/www.victorarandagarcia.es\/wp-content\/uploads\/2019\/03\/002-Tengo-un-alma-y-esta-cargada-Valencia-2013.jpg\",\"contentUrl\":\"https:\/\/www.victorarandagarcia.es\/wp-content\/uploads\/2019\/03\/002-Tengo-un-alma-y-esta-cargada-Valencia-2013.jpg\",\"width\":481,\"height\":720},{\"@type\":\"BreadcrumbList\",\"@id\":\"https:\/\/www.victorarandagarcia.es\/index.php\/el-autor\/#breadcrumb\",\"itemListElement\":[{\"@type\":\"ListItem\",\"position\":1,\"name\":\"Portada\",\"item\":\"https:\/\/www.victorarandagarcia.es\/\"},{\"@type\":\"ListItem\",\"position\":2,\"name\":\"El autor\"}]},{\"@type\":\"WebSite\",\"@id\":\"https:\/\/www.victorarandagarcia.es\/#website\",\"url\":\"https:\/\/www.victorarandagarcia.es\/\",\"name\":\"arte y estudio\",\"description\":\"Fot\u00f3grafo\",\"publisher\":{\"@id\":\"https:\/\/www.victorarandagarcia.es\/#organization\"},\"potentialAction\":[{\"@type\":\"SearchAction\",\"target\":{\"@type\":\"EntryPoint\",\"urlTemplate\":\"https:\/\/www.victorarandagarcia.es\/?s={search_term_string}\"},\"query-input\":\"required name=search_term_string\"}],\"inLanguage\":\"es\"},{\"@type\":\"Organization\",\"@id\":\"https:\/\/www.victorarandagarcia.es\/#organization\",\"name\":\"arte y estudio\",\"url\":\"https:\/\/www.victorarandagarcia.es\/\",\"logo\":{\"@type\":\"ImageObject\",\"inLanguage\":\"es\",\"@id\":\"https:\/\/www.victorarandagarcia.es\/#\/schema\/logo\/image\/\",\"url\":\"https:\/\/www.victorarandagarcia.es\/wp-content\/uploads\/2019\/03\/logo-fotografo.png\",\"contentUrl\":\"https:\/\/www.victorarandagarcia.es\/wp-content\/uploads\/2019\/03\/logo-fotografo.png\",\"width\":150,\"height\":150,\"caption\":\"arte y estudio\"},\"image\":{\"@id\":\"https:\/\/www.victorarandagarcia.es\/#\/schema\/logo\/image\/\"}}]}<\/script>\n<!-- \/ Yoast SEO plugin. -->","yoast_head_json":{"title":"El autor - arte y estudio","description":"Informaci\u00f3n, curriculum y datos biogr\u00e1ficos del fot\u00f3grafo V\u00edctor Aranda Garc\u00eda tanto de su faceta art\u00edstica como profesional","robots":{"index":"index","follow":"follow","max-snippet":"max-snippet:-1","max-image-preview":"max-image-preview:large","max-video-preview":"max-video-preview:-1"},"canonical":"https:\/\/www.victorarandagarcia.es\/index.php\/el-autor\/","og_locale":"es_ES","og_type":"article","og_title":"El autor - arte y estudio","og_description":"Informaci\u00f3n, curriculum y datos biogr\u00e1ficos del fot\u00f3grafo V\u00edctor Aranda Garc\u00eda tanto de su faceta art\u00edstica como profesional","og_url":"https:\/\/www.victorarandagarcia.es\/index.php\/el-autor\/","og_site_name":"arte y estudio","article_modified_time":"2020-09-03T16:04:10+00:00","og_image":[{"url":"http:\/\/www.victorarandagarcia.es\/wp-content\/uploads\/2019\/03\/002-Tengo-un-alma-y-esta-cargada-Valencia-2013-200x300.jpg"}],"twitter_card":"summary_large_image","twitter_misc":{"Tiempo de lectura":"4 minutos"},"schema":{"@context":"https:\/\/schema.org","@graph":[{"@type":"WebPage","@id":"https:\/\/www.victorarandagarcia.es\/index.php\/el-autor\/","url":"https:\/\/www.victorarandagarcia.es\/index.php\/el-autor\/","name":"El autor - arte y estudio","isPartOf":{"@id":"https:\/\/www.victorarandagarcia.es\/#website"},"primaryImageOfPage":{"@id":"https:\/\/www.victorarandagarcia.es\/index.php\/el-autor\/#primaryimage"},"image":{"@id":"https:\/\/www.victorarandagarcia.es\/index.php\/el-autor\/#primaryimage"},"thumbnailUrl":"http:\/\/www.victorarandagarcia.es\/wp-content\/uploads\/2019\/03\/002-Tengo-un-alma-y-esta-cargada-Valencia-2013-200x300.jpg","datePublished":"2018-04-25T09:16:16+00:00","dateModified":"2020-09-03T16:04:10+00:00","description":"Informaci\u00f3n, curriculum y datos biogr\u00e1ficos del fot\u00f3grafo V\u00edctor Aranda Garc\u00eda tanto de su faceta art\u00edstica como profesional","breadcrumb":{"@id":"https:\/\/www.victorarandagarcia.es\/index.php\/el-autor\/#breadcrumb"},"inLanguage":"es","potentialAction":[{"@type":"ReadAction","target":["https:\/\/www.victorarandagarcia.es\/index.php\/el-autor\/"]}]},{"@type":"ImageObject","inLanguage":"es","@id":"https:\/\/www.victorarandagarcia.es\/index.php\/el-autor\/#primaryimage","url":"https:\/\/www.victorarandagarcia.es\/wp-content\/uploads\/2019\/03\/002-Tengo-un-alma-y-esta-cargada-Valencia-2013.jpg","contentUrl":"https:\/\/www.victorarandagarcia.es\/wp-content\/uploads\/2019\/03\/002-Tengo-un-alma-y-esta-cargada-Valencia-2013.jpg","width":481,"height":720},{"@type":"BreadcrumbList","@id":"https:\/\/www.victorarandagarcia.es\/index.php\/el-autor\/#breadcrumb","itemListElement":[{"@type":"ListItem","position":1,"name":"Portada","item":"https:\/\/www.victorarandagarcia.es\/"},{"@type":"ListItem","position":2,"name":"El autor"}]},{"@type":"WebSite","@id":"https:\/\/www.victorarandagarcia.es\/#website","url":"https:\/\/www.victorarandagarcia.es\/","name":"arte y estudio","description":"Fot\u00f3grafo","publisher":{"@id":"https:\/\/www.victorarandagarcia.es\/#organization"},"potentialAction":[{"@type":"SearchAction","target":{"@type":"EntryPoint","urlTemplate":"https:\/\/www.victorarandagarcia.es\/?s={search_term_string}"},"query-input":"required name=search_term_string"}],"inLanguage":"es"},{"@type":"Organization","@id":"https:\/\/www.victorarandagarcia.es\/#organization","name":"arte y estudio","url":"https:\/\/www.victorarandagarcia.es\/","logo":{"@type":"ImageObject","inLanguage":"es","@id":"https:\/\/www.victorarandagarcia.es\/#\/schema\/logo\/image\/","url":"https:\/\/www.victorarandagarcia.es\/wp-content\/uploads\/2019\/03\/logo-fotografo.png","contentUrl":"https:\/\/www.victorarandagarcia.es\/wp-content\/uploads\/2019\/03\/logo-fotografo.png","width":150,"height":150,"caption":"arte y estudio"},"image":{"@id":"https:\/\/www.victorarandagarcia.es\/#\/schema\/logo\/image\/"}}]}},"jetpack_sharing_enabled":true,"_links":{"self":[{"href":"https:\/\/www.victorarandagarcia.es\/index.php\/wp-json\/wp\/v2\/pages\/163"}],"collection":[{"href":"https:\/\/www.victorarandagarcia.es\/index.php\/wp-json\/wp\/v2\/pages"}],"about":[{"href":"https:\/\/www.victorarandagarcia.es\/index.php\/wp-json\/wp\/v2\/types\/page"}],"author":[{"embeddable":true,"href":"https:\/\/www.victorarandagarcia.es\/index.php\/wp-json\/wp\/v2\/users\/1"}],"replies":[{"embeddable":true,"href":"https:\/\/www.victorarandagarcia.es\/index.php\/wp-json\/wp\/v2\/comments?post=163"}],"version-history":[{"count":32,"href":"https:\/\/www.victorarandagarcia.es\/index.php\/wp-json\/wp\/v2\/pages\/163\/revisions"}],"predecessor-version":[{"id":2990,"href":"https:\/\/www.victorarandagarcia.es\/index.php\/wp-json\/wp\/v2\/pages\/163\/revisions\/2990"}],"wp:attachment":[{"href":"https:\/\/www.victorarandagarcia.es\/index.php\/wp-json\/wp\/v2\/media?parent=163"}],"curies":[{"name":"wp","href":"https:\/\/api.w.org\/{rel}","templated":true}]}}